{"id":3566,"date":"2025-10-03T11:58:02","date_gmt":"2025-10-03T15:58:02","guid":{"rendered":"https:\/\/imariquique.cl\/inicio\/?page_id=3566"},"modified":"2025-10-03T12:11:39","modified_gmt":"2025-10-03T16:11:39","slug":"cimit-2025","status":"publish","type":"page","link":"https:\/\/imariquique.cl\/inicio\/cimit-2025\/","title":{"rendered":""},"content":{"rendered":"\t\t<div data-elementor-type=\"wp-page\" data-elementor-id=\"3566\" class=\"elementor elementor-3566\" data-elementor-post-type=\"page\">\n\t\t\t\t<div class=\"elementor-element elementor-element-193c143 e-flex e-con-boxed e-con e-parent\" data-id=\"193c143\" data-element_type=\"container\" data-e-type=\"container\">\n\t\t\t\t\t<div class=\"e-con-inner\">\n\t\t\t\t<div class=\"elementor-element elementor-element-9c7b887 elementor-widget elementor-widget-heading\" data-id=\"9c7b887\" data-element_type=\"widget\" data-e-type=\"widget\" data-widget_type=\"heading.default\">\n\t\t\t\t<div class=\"elementor-widget-container\">\n\t\t\t\t\t<h2 class=\"elementor-heading-title elementor-size-default\">CIMIT 2025: Tarapac\u00e1 proyecta el futuro de la miner\u00eda<\/h2>\t\t\t\t<\/div>\n\t\t\t\t<\/div>\n\t\t\t\t\t<\/div>\n\t\t\t\t<\/div>\n\t\t<div class=\"elementor-element elementor-element-7ad7954 e-flex e-con-boxed e-con e-parent\" data-id=\"7ad7954\" data-element_type=\"container\" data-e-type=\"container\">\n\t\t\t\t\t<div class=\"e-con-inner\">\n\t\t<div class=\"elementor-element elementor-element-eba2b90 e-con-full e-flex e-con e-child\" data-id=\"eba2b90\" data-element_type=\"container\" data-e-type=\"container\">\n\t\t\t\t<div class=\"elementor-element elementor-element-d57f1bf elementor-widget elementor-widget-image\" data-id=\"d57f1bf\" data-element_type=\"widget\" data-e-type=\"widget\" data-widget_type=\"image.default\">\n\t\t\t\t<div class=\"elementor-widget-container\">\n\t\t\t\t\t\t\t\t\t\t\t\t\t\t\t<img fetchpriority=\"high\" decoding=\"async\" width=\"800\" height=\"613\" src=\"https:\/\/imariquique.cl\/inicio\/wp-content\/uploads\/2025\/10\/web1.png\" class=\"attachment-large size-large wp-image-3568\" alt=\"\" srcset=\"https:\/\/imariquique.cl\/inicio\/wp-content\/uploads\/2025\/10\/web1.png 960w, https:\/\/imariquique.cl\/inicio\/wp-content\/uploads\/2025\/10\/web1-300x230.png 300w, https:\/\/imariquique.cl\/inicio\/wp-content\/uploads\/2025\/10\/web1-768x589.png 768w\" sizes=\"(max-width: 800px) 100vw, 800px\" \/>\t\t\t\t\t\t\t\t\t\t\t\t\t\t\t<\/div>\n\t\t\t\t<\/div>\n\t\t\t\t<\/div>\n\t\t<div class=\"elementor-element elementor-element-d057148 e-con-full e-flex e-con e-child\" data-id=\"d057148\" data-element_type=\"container\" data-e-type=\"container\">\n\t\t\t\t<div class=\"elementor-element elementor-element-9623011 elementor-widget elementor-widget-image\" data-id=\"9623011\" data-element_type=\"widget\" data-e-type=\"widget\" data-widget_type=\"image.default\">\n\t\t\t\t<div class=\"elementor-widget-container\">\n\t\t\t\t\t\t\t\t\t\t\t\t\t\t\t<img decoding=\"async\" width=\"800\" height=\"613\" src=\"https:\/\/imariquique.cl\/inicio\/wp-content\/uploads\/2025\/10\/web2.png\" class=\"attachment-large size-large wp-image-3569\" alt=\"\" srcset=\"https:\/\/imariquique.cl\/inicio\/wp-content\/uploads\/2025\/10\/web2.png 960w, https:\/\/imariquique.cl\/inicio\/wp-content\/uploads\/2025\/10\/web2-300x230.png 300w, https:\/\/imariquique.cl\/inicio\/wp-content\/uploads\/2025\/10\/web2-768x589.png 768w\" sizes=\"(max-width: 800px) 100vw, 800px\" \/>\t\t\t\t\t\t\t\t\t\t\t\t\t\t\t<\/div>\n\t\t\t\t<\/div>\n\t\t\t\t<\/div>\n\t\t\t\t\t<\/div>\n\t\t\t\t<\/div>\n\t\t<div class=\"elementor-element elementor-element-ba07b60 e-flex e-con-boxed e-con e-parent\" data-id=\"ba07b60\" data-element_type=\"container\" data-e-type=\"container\">\n\t\t\t\t\t<div class=\"e-con-inner\">\n\t\t\t\t<div class=\"elementor-element elementor-element-906fb73 elementor-drop-cap-yes elementor-drop-cap-view-default elementor-widget elementor-widget-text-editor\" data-id=\"906fb73\" data-element_type=\"widget\" data-e-type=\"widget\" data-settings=\"{&quot;drop_cap&quot;:&quot;yes&quot;}\" data-widget_type=\"text-editor.default\">\n\t\t\t\t<div class=\"elementor-widget-container\">\n\t\t\t\t\t\t\t\t\t<p class=\"p1\" style=\"text-align: justify;\">Los alumnos de nuestro liceo participaron en El CIMIT (Congreso Internacional de Miner\u00eda de Tarapac\u00e1), que es el principal encuentro anual que conecta a la industria minera, la academia y la comunidad, generando un espacio de di\u00e1logo, colaboraci\u00f3n y aprendizaje sobre los desaf\u00edos y oportunidades de la miner\u00eda en Chile y el mundo. La d\u00e9cima versi\u00f3n del CIMIT se celebr\u00f3 en Iquique, reuniendo a m\u00e1s de mil participantes, incluyendo autoridades nacionales y regionales, l\u00edderes de la industria y expertos internacionales, consolid\u00e1ndose como un referente en innovaci\u00f3n, desarrollo regional y sostenibilidad.<\/p><p class=\"p1\" style=\"text-align: justify;\"><b>Objetivos del CIMIT.<\/b><\/p><ul class=\"ul1\" style=\"text-align: justify;\"><li class=\"li1\">Impulsar la innovaci\u00f3n y el desarrollo regional: Fomentar la colaboraci\u00f3n entre empresas, universidades y comunidades para fortalecer la competitividad y el progreso de la regi\u00f3n.<\/li><li class=\"li1\">Promover la miner\u00eda sostenible: Difundir y aplicar pr\u00e1cticas responsables que consideren el impacto ambiental, social y econ\u00f3mico de la actividad minera.<\/li><li class=\"li1\">Fortalecer el capital humano: Conectar profesionales, t\u00e9cnicos y estudiantes con la industria para potenciar su formaci\u00f3n y preparaci\u00f3n frente a los desaf\u00edos del sector.<\/li><\/ul><p class=\"p1\" style=\"text-align: justify;\"><b>Temas clave del CIMIT.<\/b><\/p><ul class=\"ul1\" style=\"text-align: justify;\"><li class=\"li1\">Miner\u00eda sostenible: Tecnolog\u00edas y estrategias que reducen el impacto ambiental y social, garantizando un futuro responsable para la industria.<\/li><li class=\"li1\">Digitalizaci\u00f3n: Innovaciones tecnol\u00f3gicas que optimizan procesos, aumentan la productividad y transforman la gesti\u00f3n minera.<\/li><li class=\"li1\">Desarrollo regional: Proyectos e iniciativas que generan oportunidades econ\u00f3micas y sociales en las comunidades mineras.<\/li><li class=\"li1\">Innovaci\u00f3n: Nuevos enfoques, herramientas y pr\u00e1cticas que impulsan la eficiencia, la competitividad y la sostenibilidad en la miner\u00eda.<\/li><\/ul><p class=\"p1\" style=\"text-align: justify;\">El CIMIT no solo refleja el presente de la miner\u00eda, sino que proyecta su futuro, consolid\u00e1ndose como un punto de encuentro esencial para quienes lideran, ense\u00f1an y participan en la transformaci\u00f3n del sector minero.<\/p>\t\t\t\t\t\t\t\t<\/div>\n\t\t\t\t<\/div>\n\t\t\t\t\t<\/div>\n\t\t\t\t<\/div>\n\t\t\t\t<\/div>\n\t\t","protected":false},"excerpt":{"rendered":"<p>CIMIT 2025: Tarapac\u00e1 proyecta el futuro de la miner\u00eda Los alumnos de nuestro liceo participaron en El CIMIT (Congreso Internacional de Miner\u00eda de Tarapac\u00e1), que es el principal encuentro anual que conecta a la industria minera, la academia y la comunidad, generando un espacio de di\u00e1logo, colaboraci\u00f3n y aprendizaje sobre los desaf\u00edos y oportunidades de [&hellip;]<\/p>\n","protected":false},"author":3,"featured_media":0,"parent":0,"menu_order":0,"comment_status":"closed","ping_status":"closed","template":"","meta":{"footnotes":""},"class_list":["post-3566","page","type-page","status-publish","hentry"],"_links":{"self":[{"href":"https:\/\/imariquique.cl\/inicio\/wp-json\/wp\/v2\/pages\/3566","targetHints":{"allow":["GET"]}}],"collection":[{"href":"https:\/\/imariquique.cl\/inicio\/wp-json\/wp\/v2\/pages"}],"about":[{"href":"https:\/\/imariquique.cl\/inicio\/wp-json\/wp\/v2\/types\/page"}],"author":[{"embeddable":true,"href":"https:\/\/imariquique.cl\/inicio\/wp-json\/wp\/v2\/users\/3"}],"replies":[{"embeddable":true,"href":"https:\/\/imariquique.cl\/inicio\/wp-json\/wp\/v2\/comments?post=3566"}],"version-history":[{"count":11,"href":"https:\/\/imariquique.cl\/inicio\/wp-json\/wp\/v2\/pages\/3566\/revisions"}],"predecessor-version":[{"id":3582,"href":"https:\/\/imariquique.cl\/inicio\/wp-json\/wp\/v2\/pages\/3566\/revisions\/3582"}],"wp:attachment":[{"href":"https:\/\/imariquique.cl\/inicio\/wp-json\/wp\/v2\/media?parent=3566"}],"curies":[{"name":"wp","href":"https:\/\/api.w.org\/{rel}","templated":true}]}}