{"id":3365,"date":"2025-08-10T14:27:09","date_gmt":"2025-08-10T18:27:09","guid":{"rendered":"https:\/\/imariquique.cl\/inicio\/?page_id=3365"},"modified":"2025-08-10T14:34:02","modified_gmt":"2025-08-10T18:34:02","slug":"academiaingles","status":"publish","type":"page","link":"https:\/\/imariquique.cl\/inicio\/academiaingles\/","title":{"rendered":""},"content":{"rendered":"\t\t<div data-elementor-type=\"wp-page\" data-elementor-id=\"3365\" class=\"elementor elementor-3365\" data-elementor-post-type=\"page\">\n\t\t\t\t<div class=\"elementor-element elementor-element-907de3c e-flex e-con-boxed e-con e-parent\" data-id=\"907de3c\" data-element_type=\"container\" data-e-type=\"container\">\n\t\t\t\t\t<div class=\"e-con-inner\">\n\t\t\t\t<div class=\"elementor-element elementor-element-e9c0d4b elementor-widget elementor-widget-heading\" data-id=\"e9c0d4b\" data-element_type=\"widget\" data-e-type=\"widget\" data-widget_type=\"heading.default\">\n\t\t\t\t<div class=\"elementor-widget-container\">\n\t\t\t\t\t<h2 class=\"elementor-heading-title elementor-size-default\">Alumnos de nuestro Liceo Bicentenario comienzan su preparaci\u00f3n para hablar ingl\u00e9s en laAcademia de Idiomas del Norte.<\/h2>\t\t\t\t<\/div>\n\t\t\t\t<\/div>\n\t\t\t\t\t<\/div>\n\t\t\t\t<\/div>\n\t\t<div class=\"elementor-element elementor-element-6075d13 e-flex e-con-boxed e-con e-parent\" data-id=\"6075d13\" data-element_type=\"container\" data-e-type=\"container\">\n\t\t\t\t\t<div class=\"e-con-inner\">\n\t\t<div class=\"elementor-element elementor-element-4eed949 e-con-full e-flex e-con e-child\" data-id=\"4eed949\" data-element_type=\"container\" data-e-type=\"container\">\n\t\t\t\t<div class=\"elementor-element elementor-element-8afda25 elementor-widget elementor-widget-image\" data-id=\"8afda25\" data-element_type=\"widget\" data-e-type=\"widget\" data-widget_type=\"image.default\">\n\t\t\t\t<div class=\"elementor-widget-container\">\n\t\t\t\t\t\t\t\t\t\t\t\t\t\t\t<img fetchpriority=\"high\" decoding=\"async\" width=\"800\" height=\"480\" src=\"https:\/\/imariquique.cl\/inicio\/wp-content\/uploads\/2025\/08\/ing1.jpg\" class=\"attachment-large size-large wp-image-3367\" alt=\"\" srcset=\"https:\/\/imariquique.cl\/inicio\/wp-content\/uploads\/2025\/08\/ing1.jpg 1000w, https:\/\/imariquique.cl\/inicio\/wp-content\/uploads\/2025\/08\/ing1-300x180.jpg 300w, https:\/\/imariquique.cl\/inicio\/wp-content\/uploads\/2025\/08\/ing1-768x461.jpg 768w\" sizes=\"(max-width: 800px) 100vw, 800px\" \/>\t\t\t\t\t\t\t\t\t\t\t\t\t\t\t<\/div>\n\t\t\t\t<\/div>\n\t\t\t\t<\/div>\n\t\t<div class=\"elementor-element elementor-element-5efbd0e e-con-full e-flex e-con e-child\" data-id=\"5efbd0e\" data-element_type=\"container\" data-e-type=\"container\">\n\t\t\t\t<div class=\"elementor-element elementor-element-f538bf1 elementor-widget elementor-widget-image\" data-id=\"f538bf1\" data-element_type=\"widget\" data-e-type=\"widget\" data-widget_type=\"image.default\">\n\t\t\t\t<div class=\"elementor-widget-container\">\n\t\t\t\t\t\t\t\t\t\t\t\t\t\t\t<img decoding=\"async\" width=\"800\" height=\"480\" src=\"https:\/\/imariquique.cl\/inicio\/wp-content\/uploads\/2025\/08\/ing4.jpg\" class=\"attachment-large size-large wp-image-3370\" alt=\"\" srcset=\"https:\/\/imariquique.cl\/inicio\/wp-content\/uploads\/2025\/08\/ing4.jpg 1000w, https:\/\/imariquique.cl\/inicio\/wp-content\/uploads\/2025\/08\/ing4-300x180.jpg 300w, https:\/\/imariquique.cl\/inicio\/wp-content\/uploads\/2025\/08\/ing4-768x461.jpg 768w\" sizes=\"(max-width: 800px) 100vw, 800px\" \/>\t\t\t\t\t\t\t\t\t\t\t\t\t\t\t<\/div>\n\t\t\t\t<\/div>\n\t\t\t\t<\/div>\n\t\t<div class=\"elementor-element elementor-element-18f92c1 e-con-full e-flex e-con e-child\" data-id=\"18f92c1\" data-element_type=\"container\" data-e-type=\"container\">\n\t\t\t\t<div class=\"elementor-element elementor-element-e626017 elementor-widget elementor-widget-text-editor\" data-id=\"e626017\" data-element_type=\"widget\" data-e-type=\"widget\" data-widget_type=\"text-editor.default\">\n\t\t\t\t<div class=\"elementor-widget-container\">\n\t\t\t\t\t\t\t\t\t<p class=\"p1\" style=\"text-align: justify;\">En un paso decisivo hacia la formaci\u00f3n integral de nuestros estudiantes, el Liceo Bicentenario Instituto del Mar ha puesto en marcha el <b>Hito N\u00ba2<\/b> del convenio suscrito con la <b>Academia de Idiomas del Norte<\/b>, gracias al valioso apoyo y recurso entregado por <b>ULTRAMAR<\/b>.<\/p>\n<p class=\"p1\" style=\"text-align: justify;\">Este avance contempla el <b>diagn\u00f3stico de nivel de ingl\u00e9s<\/b> a los estudiantes de <b>Terceros Medios de la especialidad de Operaciones Portuarias<\/b>, con el objetivo de identificar sus fortalezas y \u00e1reas de mejora. Esta evaluaci\u00f3n ser\u00e1 la base para iniciar, en la siguiente etapa, el hito m\u00e1s relevante: la participaci\u00f3n activa de nuestros alumnos en cursos de ingl\u00e9s de alto est\u00e1ndar, impartidos tanto en la Academia de Idiomas como en nuestro propio establecimiento.<\/p>\n<p class=\"p1\" style=\"text-align: justify;\">Este logro ha sido posible gracias a la <b>gesti\u00f3n estrat\u00e9gica y el compromiso del equipo directivo y docente del Liceo<\/b>, quienes han trabajado de manera coordinada para materializar este convenio que conecta directamente la formaci\u00f3n t\u00e9cnica con las exigencias del mundo laboral globalizado.<\/p>\t\t\t\t\t\t\t\t<\/div>\n\t\t\t\t<\/div>\n\t\t\t\t<\/div>\n\t\t\t\t\t<\/div>\n\t\t\t\t<\/div>\n\t\t<div class=\"elementor-element elementor-element-59391af e-flex e-con-boxed e-con e-parent\" data-id=\"59391af\" data-element_type=\"container\" data-e-type=\"container\">\n\t\t\t\t\t<div class=\"e-con-inner\">\n\t\t\t\t<div class=\"elementor-element elementor-element-fe584c8 elementor-widget elementor-widget-text-editor\" data-id=\"fe584c8\" data-element_type=\"widget\" data-e-type=\"widget\" data-widget_type=\"text-editor.default\">\n\t\t\t\t<div class=\"elementor-widget-container\">\n\t\t\t\t\t\t\t\t\t<blockquote>\n<h2 class=\"p1\" style=\"text-align: center;\"><strong><i>\u201cEl dominio del ingl\u00e9s abre puertas a oportunidades laborales y acad\u00e9micas en el \u00e1mbito portuario y mar\u00edtimo, fortaleciendo la empleabilidad y proyecci\u00f3n internacional de nuestros estudiantes\u201d<\/i><\/strong>, &#8211; destac\u00f3 la Direcci\u00f3n del establecimiento.<\/h2>\n<\/blockquote>\t\t\t\t\t\t\t\t<\/div>\n\t\t\t\t<\/div>\n\t\t\t\t\t<\/div>\n\t\t\t\t<\/div>\n\t\t<div class=\"elementor-element elementor-element-a37f5bd e-flex e-con-boxed e-con e-parent\" data-id=\"a37f5bd\" data-element_type=\"container\" data-e-type=\"container\">\n\t\t\t\t\t<div class=\"e-con-inner\">\n\t\t<div class=\"elementor-element elementor-element-0ebdce3 e-con-full e-flex e-con e-child\" data-id=\"0ebdce3\" data-element_type=\"container\" data-e-type=\"container\">\n\t\t\t\t<div class=\"elementor-element elementor-element-561af6b elementor-widget elementor-widget-image\" data-id=\"561af6b\" data-element_type=\"widget\" data-e-type=\"widget\" data-widget_type=\"image.default\">\n\t\t\t\t<div class=\"elementor-widget-container\">\n\t\t\t\t\t\t\t\t\t\t\t\t\t\t\t<img decoding=\"async\" width=\"800\" height=\"480\" src=\"https:\/\/imariquique.cl\/inicio\/wp-content\/uploads\/2025\/08\/ing2.jpg\" class=\"attachment-large size-large wp-image-3368\" alt=\"\" srcset=\"https:\/\/imariquique.cl\/inicio\/wp-content\/uploads\/2025\/08\/ing2.jpg 1000w, https:\/\/imariquique.cl\/inicio\/wp-content\/uploads\/2025\/08\/ing2-300x180.jpg 300w, https:\/\/imariquique.cl\/inicio\/wp-content\/uploads\/2025\/08\/ing2-768x461.jpg 768w\" sizes=\"(max-width: 800px) 100vw, 800px\" \/>\t\t\t\t\t\t\t\t\t\t\t\t\t\t\t<\/div>\n\t\t\t\t<\/div>\n\t\t\t\t<\/div>\n\t\t<div class=\"elementor-element elementor-element-bb12562 e-con-full e-flex e-con e-child\" data-id=\"bb12562\" data-element_type=\"container\" data-e-type=\"container\">\n\t\t\t\t<div class=\"elementor-element elementor-element-b60da87 elementor-widget elementor-widget-text-editor\" data-id=\"b60da87\" data-element_type=\"widget\" data-e-type=\"widget\" data-widget_type=\"text-editor.default\">\n\t\t\t\t<div class=\"elementor-widget-container\">\n\t\t\t\t\t\t\t\t\t<p class=\"p1\" style=\"text-align: justify;\">Este programa no solo potenciar\u00e1 las competencias ling\u00fc\u00edsticas de los j\u00f3venes, sino que tambi\u00e9n <b>fortalecer\u00e1 su confianza, adaptabilidad y competitividad en un sector que demanda profesionales capaces de desenvolverse en contextos internacionales<\/b>.<\/p>\n<p class=\"p1\" style=\"text-align: justify;\">Con este hito, nuestro liceo reafirma su compromiso de <b>entregar herramientas concretas que preparen a nuestros alumnos para un futuro sin fronteras<\/b>, donde el idioma deje de ser una barrera y se convierta en un puente hacia nuevas oportunidades.<\/p>\t\t\t\t\t\t\t\t<\/div>\n\t\t\t\t<\/div>\n\t\t\t\t<\/div>\n\t\t\t\t\t<\/div>\n\t\t\t\t<\/div>\n\t\t\t\t<\/div>\n\t\t","protected":false},"excerpt":{"rendered":"<p>Alumnos de nuestro Liceo Bicentenario comienzan su preparaci\u00f3n para hablar ingl\u00e9s en laAcademia de Idiomas del Norte. En un paso decisivo hacia la formaci\u00f3n integral de nuestros estudiantes, el Liceo Bicentenario Instituto del Mar ha puesto en marcha el Hito N\u00ba2 del convenio suscrito con la Academia de Idiomas del Norte, gracias al valioso apoyo [&hellip;]<\/p>\n","protected":false},"author":3,"featured_media":0,"parent":0,"menu_order":0,"comment_status":"closed","ping_status":"closed","template":"","meta":{"footnotes":""},"class_list":["post-3365","page","type-page","status-publish","hentry"],"_links":{"self":[{"href":"https:\/\/imariquique.cl\/inicio\/wp-json\/wp\/v2\/pages\/3365","targetHints":{"allow":["GET"]}}],"collection":[{"href":"https:\/\/imariquique.cl\/inicio\/wp-json\/wp\/v2\/pages"}],"about":[{"href":"https:\/\/imariquique.cl\/inicio\/wp-json\/wp\/v2\/types\/page"}],"author":[{"embeddable":true,"href":"https:\/\/imariquique.cl\/inicio\/wp-json\/wp\/v2\/users\/3"}],"replies":[{"embeddable":true,"href":"https:\/\/imariquique.cl\/inicio\/wp-json\/wp\/v2\/comments?post=3365"}],"version-history":[{"count":5,"href":"https:\/\/imariquique.cl\/inicio\/wp-json\/wp\/v2\/pages\/3365\/revisions"}],"predecessor-version":[{"id":3375,"href":"https:\/\/imariquique.cl\/inicio\/wp-json\/wp\/v2\/pages\/3365\/revisions\/3375"}],"wp:attachment":[{"href":"https:\/\/imariquique.cl\/inicio\/wp-json\/wp\/v2\/media?parent=3365"}],"curies":[{"name":"wp","href":"https:\/\/api.w.org\/{rel}","templated":true}]}}